{"id":434,"date":"2024-01-12T09:35:24","date_gmt":"2024-01-12T08:35:24","guid":{"rendered":"http:\/\/www.wilpo.pl\/?page_id=434"},"modified":"2024-01-24T08:46:03","modified_gmt":"2024-01-24T07:46:03","slug":"rodo","status":"publish","type":"page","link":"https:\/\/www.wilpo.pl\/en\/rodo\/","title":{"rendered":"RODO"},"content":{"rendered":"<p>[et_pb_section fb_built=&#8221;1&#8243; _builder_version=&#8221;4.16&#8243; use_background_color_gradient=&#8221;on&#8221; background_color_gradient_stops=&#8221;rgba(255,255,255,0.91) 0%|rgba(255,255,255,0.72) 100%&#8221; background_color_gradient_overlays_image=&#8221;on&#8221; background_image=&#8221;https:\/\/www.wilpo.pl\/wp-content\/uploads\/2023\/07\/Projekt-bez-nazwy-22.jpg&#8221; global_colors_info=&#8221;{}&#8221;][et_pb_row _builder_version=&#8221;4.16&#8243; background_size=&#8221;initial&#8221; background_position=&#8221;top_left&#8221; background_repeat=&#8221;repeat&#8221; global_colors_info=&#8221;{}&#8221;][et_pb_column type=&#8221;4_4&#8243; _builder_version=&#8221;4.16&#8243; custom_padding=&#8221;|||&#8221; global_colors_info=&#8221;{}&#8221; custom_padding__hover=&#8221;|||&#8221;][et_pb_text _builder_version=&#8221;4.21.0&#8243; _module_preset=&#8221;default&#8221; header_2_text_color=&#8221;#7fda41&#8243; custom_margin=&#8221;||1px|||&#8221; locked=&#8221;off&#8221; global_colors_info=&#8221;{}&#8221;]<\/p>\n<h1>RODO<\/h1>\n<h2>Klauzula informacyjna<\/h2>\n<p>[\/et_pb_text][et_pb_text _builder_version=&#8221;4.24.0&#8243; text_text_color=&#8221;#000000&#8243; custom_padding=&#8221;||0px|||&#8221; hover_enabled=&#8221;0&#8243; global_colors_info=&#8221;{}&#8221; sticky_enabled=&#8221;0&#8243;]<\/p>\n<p>&nbsp;<\/p>\n<ol>\n<li>Administratorem Pani\/Pana danych osobowych jest Przedsi\u0119biorstwo Wdro\u017ce\u0144 Przemys\u0142owych WILPO Sp\u00f3\u0142ka z o.o. z siedzib\u0105 w Mys\u0142owicach przy ul. Miko\u0142owskiej 29.<\/li>\n<\/ol>\n<ol start=\"2\">\n<li>Powo\u0142ali\u015bmy Inspektora Ochrony Danych, z kt\u00f3rym mog\u0105 si\u0119 Pa\u0144stwo skontaktowa\u0107 pisz\u0105c na:<\/li>\n<\/ol>\n<ul>\n<li style=\"list-style-type: none;\">\n<ul>\n<li>adres email: wilpo@wilpo.pl<\/li>\n<li>adres korespondencyjny: PWP WILPO Sp\u00f3\u0142ka z o.o., 41-400 Mys\u0142owice, ul. Miko\u0142owska 29.<\/li>\n<\/ul>\n<\/li>\n<\/ul>\n<ol start=\"3\">\n<li>Pa\u0144stwa dane osobowe b\u0119dziemy przetwarzali w celu:<\/li>\n<\/ol>\n<ul>\n<li style=\"list-style-type: none;\">\n<ul>\n<li>zawarcia i wykonania umowy &#8211; przez okres prowadzenia post\u0119powania i obowi\u0105zywania umowy; archiwizacji w zakresie niezb\u0119dnym dla wykonania obowi\u0105zk\u00f3w prawnych, w szczeg\u00f3lno\u015bci przepis\u00f3w podatkowych, przepis\u00f3w o rachunkowo\u015bci &#8211; przez okres wynikaj\u0105cy z tych przepis\u00f3w;<\/li>\n<li>ewentualnego ustalenia, dochodzenia roszcze\u0144 lub obrony przed roszczeniami \u2013 przez czas trwania post\u0119powa\u0144 i okres przedawnienia potencjalnych roszcze\u0144;<\/li>\n<li>tworzenia analiz wynik\u00f3w prowadzonej przez nas dzia\u0142alno\u015bci gospodarczej na potrzeby wewn\u0119trzne &#8211; przez okres nie d\u0142u\u017cszy ni\u017c wskazany w lit. a.<\/li>\n<\/ul>\n<\/li>\n<\/ul>\n<p>Przetwarzanie danych osobowych na podstawie art. 6 ust. 1 f) Rozporz\u0105dzenia, tj. realizacji uzasadnionego interesu, poprzedzone zosta\u0142o przeprowadzeniem weryfikacji istnienia uzasadnionego interesu prawnego oraz ryzyka naruszenia Pa\u0144stwa praw lub interes\u00f3w w formie testu r\u00f3wnowagi. Przys\u0142uguje Pa\u0144stwu prawo dost\u0119pu do wniosk\u00f3w z tego testu. W celu uzyskania dalszych informacji prosimy o kontakt z Inspektorem Ochrony Danych.<\/p>\n<ol start=\"4\">\n<li><strong>Prawo do wniesienia sprzeciwu. <\/strong>Maj\u0105 Pa\u0144stwo prawo, w dowolnym momencie, wnie\u015b\u0107 sprzeciw wobec przetwarzania przez nas Pa\u0144stwa danych osobowych. Mog\u0105 Pa\u0144stwo skorzysta\u0107 z tego prawa, je\u015bli podstaw\u0119 przetwarzania stanowi nasz prawnie uzasadniony interes.<\/li>\n<li>W zwi\u0105zku z przetwarzaniem Pa\u0144stwa danych osobowych, przys\u0142uguj\u0105 Pa\u0144stwu tak\u017ce nast\u0119puj\u0105ce prawa:<\/li>\n<\/ol>\n<ul>\n<li style=\"list-style-type: none;\">\n<ul>\n<li><strong>Prawo dost\u0119pu do danych osobowych. <\/strong>Maj\u0105 Pa\u0144stwo prawo do uzyskania od nas potwierdzenia, \u017ce przetwarzamy Pa\u0144stwa dane osobowe. Maj\u0105 Pa\u0144stwo r\u00f3wnie\u017c prawo do uzyskania dost\u0119pu do tych danych osobowych, kopii danych osobowych, a tak\u017ce informacji o celach przetwarzania Pa\u0144stwa danych osobowych, informacji o kategoriach Pa\u0144stwa danych osobowych przetwarzanych przez Administratora, informacji<br \/>o odbiorcach lub kategoriach odbiorc\u00f3w, kt\u00f3rym Administrator ujawni\u0142 Pani\/Pana dane osobowe lub kt\u00f3rym ma zamiar ujawni\u0107 te dane, o planowanym okresie przechowywania, o Pa\u0144stwa prawach zwi\u0105zanych z przetwarzaniem danych, prawie do wniesienia skargi do organu nadzorczego, \u017ar\u00f3dle danych oraz o zautomatyzowanym podejmowaniu decyzji (je\u015bli wyst\u0119puje).<\/li>\n<li><strong>Prawo do sprostowania danych<\/strong>. Maj\u0105 Pa\u0144stwo prawo za\u017c\u0105da\u0107, aby\u015bmy niezw\u0142ocznie sprostowali Pa\u0144stwa dane osobowe, kt\u00f3re s\u0105 nieprawid\u0142owe. Maj\u0105 r\u00f3wnie\u017c Pa\u0144stwo prawo za\u017c\u0105da\u0107, aby\u015bmy uzupe\u0142nili niekompletne dane osobowe.<\/li>\n<li><strong>Prawo do usuni\u0119cia danych<\/strong> (zwanego r\u00f3wnie\u017c \u201eprawem do bycia zapomnianym\u201d). Maj\u0105 Pa\u0144stwo prawo \u017c\u0105da\u0107, \u017ceby\u015bmy niezw\u0142ocznie usun\u0119li Pa\u0144stwa dane osobowe pod warunkiem spe\u0142niania przynajmniej jednej z przes\u0142anek:<\/li>\n<\/ul>\n<\/li>\n<\/ul>\n<ul>\n<li style=\"list-style-type: none;\">\n<ul>\n<li style=\"list-style-type: none;\">\n<ul>\n<li style=\"list-style-type: none;\">\n<ul>\n<li>Pa\u0144stwa dane osobowe nie s\u0105 ju\u017c niezb\u0119dne do realizacji cel\u00f3w dla kt\u00f3rych zosta\u0142y zebrane lub s\u0105 przetwarzane;<\/li>\n<li>sprzeciwili si\u0119 Pa\u0144stwo przetwarzaniu Pa\u0144stwa danych osobowych, a my nie mamy uzasadnionych prawnie, nadrz\u0119dnych podstaw ich przetwarzania;<\/li>\n<li>przetwarzali\u015bmy Pa\u0144stwa dane osobowe niezgodnie z prawem;<\/li>\n<li>musimy usun\u0105\u0107 Pa\u0144stwa dane osobowe, aby wywi\u0105za\u0107 si\u0119 z prawnie na\u0142o\u017conego na nas obowi\u0105zku.<\/li>\n<\/ul>\n<\/li>\n<\/ul>\n<\/li>\n<\/ul>\n<\/li>\n<\/ul>\n<p style=\"padding-left: 40px;\">Mo\u017cemy Pa\u0144stwu odm\u00f3wi\u0107 realizacji prawa do bycia zapomnianym, w sytuacji, gdy korzystanie z danych jest niezb\u0119dne:<\/p>\n<ul>\n<li style=\"list-style-type: none;\">\n<ul>\n<li style=\"list-style-type: none;\">\n<ul>\n<li style=\"list-style-type: none;\">\n<ul>\n<li>dla korzystania z prawa do wolno\u015bci wypowiedzi i informacji;<\/li>\n<li>dla wywi\u0105zania si\u0119 z prawnego obowi\u0105zku lub realizacji zadania w interesie publicznym lub w\u0142adzy publicznej;<\/li>\n<li>z uwagi na interes publiczny (w dziedzinie zdrowia publicznego);<\/li>\n<li>dla cel\u00f3w archiwalnych (w interesie publicznym), bada\u0144 naukowych, historycznych, statystycznych;<\/li>\n<li>do ustalenia, obrony lub dochodzenia roszcze\u0144.<\/li>\n<\/ul>\n<\/li>\n<\/ul>\n<\/li>\n<\/ul>\n<\/li>\n<\/ul>\n<ul>\n<li style=\"list-style-type: none;\">\n<ul>\n<li><strong>Prawo do ograniczenia przetwarzania danych osobowych<\/strong>. Maj\u0105 Pa\u0144stwo prawo \u017c\u0105da\u0107, aby\u015bmy ograniczyli przetwarzanie Pa\u0144stwa danych osobowych w nast\u0119puj\u0105cych przypadkach:<\/li>\n<\/ul>\n<\/li>\n<\/ul>\n<ul>\n<li style=\"list-style-type: none;\">\n<ul>\n<li style=\"list-style-type: none;\">\n<ul>\n<li style=\"list-style-type: none;\">\n<ul>\n<li>je\u015bli kwestionuj\u0105 Pa\u0144stwo prawid\u0142owo\u015b\u0107 Pa\u0144stwa danych osobowych, kt\u00f3re przetwarzamy;<\/li>\n<li>je\u015bli przetwarzamy Pa\u0144stwa dane osobowe niezgodnie z prawem, a sprzeciwiaj\u0105 si\u0119 Pa\u0144stwo aby\u015bmy je usun\u0119li, \u017c\u0105daj\u0105c w zamian ograniczenia ich wykorzystania;<\/li>\n<li>je\u015bli nie potrzebujemy ju\u017c Pa\u0144stwa danych osobowych do cel\u00f3w przetwarzania, ale s\u0105 one potrzebne Pa\u0144stwu do ustalenia, dochodzenia lub obrony Pa\u0144stwa roszcze\u0144;<\/li>\n<li>je\u015bli wnie\u015bli Pa\u0144stwo sprzeciw wobec przetwarzania przez nas Pa\u0144stwa danych osobowych.<\/li>\n<\/ul>\n<\/li>\n<\/ul>\n<\/li>\n<\/ul>\n<\/li>\n<\/ul>\n<p style=\"padding-left: 40px;\">Je\u015bli skorzystaj\u0105 Pa\u0144stwo z prawa do ograniczenia przetwarzania danych osobowych, mo\u017cemy je przetwarza\u0107, za wyj\u0105tkiem przechowywania, tylko w wyj\u0105tkowych sytuacjach, tj.:<\/p>\n<ul>\n<li style=\"list-style-type: none;\">\n<ul>\n<li style=\"list-style-type: none;\">\n<ul>\n<li style=\"list-style-type: none;\">\n<ul>\n<li>za Pa\u0144stwa zgod\u0105;<\/li>\n<li>w celu ustalenia, dochodzenia lub obrony roszcze\u0144;<\/li>\n<li>w celu ochrony praw innej osoby; lub<\/li>\n<li>z uwagi na wa\u017cne wzgl\u0119dy interesu publicznego<\/li>\n<\/ul>\n<\/li>\n<\/ul>\n<\/li>\n<\/ul>\n<\/li>\n<\/ul>\n<ul>\n<li style=\"list-style-type: none;\">\n<ul>\n<li><strong>Prawo do przeniesienia danych. <\/strong>Maj\u0105 Pa\u0144stwo prawo, aby otrzyma\u0107 od nas dane osobowe lub upowa\u017cni\u0107 nas do przes\u0142ania Pa\u0144stwa danych innemu administratorowi &#8211; w ustrukturyzowanym powszechnie u\u017cywanym formacie, je\u017celi przes\u0142anie jest technicznie mo\u017cliwe. Mog\u0105 to by\u0107 dane osobowe, kt\u00f3re otrzymali\u015bmy bezpo\u015brednio od Pa\u0144stwa, jak i dane osobowe wynikaj\u0105ce z Pa\u0144stwa zachowania np. dane o zu\u017cyciu energii. Przeniesiemy wy\u0142\u0105cznie dane osobowe spe\u0142niaj\u0105ce \u0142\u0105cznie nast\u0119puj\u0105ce warunki:<\/li>\n<\/ul>\n<\/li>\n<\/ul>\n<ul>\n<li style=\"list-style-type: none;\">\n<ul>\n<li style=\"list-style-type: none;\">\n<ul>\n<li>przetwarzanie odbywa si\u0119 w spos\u00f3b zautomatyzowany, tj. nie s\u0105 to dane osobowe w formie papierowej;<\/li>\n<li>dane przetwarzane s\u0105 na podstawie zgody lub w zwi\u0105zku z umow\u0105.<\/li>\n<\/ul>\n<\/li>\n<\/ul>\n<\/li>\n<\/ul>\n<ol start=\"6\">\n<li>Je\u015bli b\u0119d\u0105 Pa\u0144stwo chcieli skorzysta\u0107 z praw, kt\u00f3re opisali\u015bmy powy\u017cej lub uzyska\u0107 dodatkowe informacje &#8211; mog\u0105 si\u0119 Pa\u0144stwo z nami skontaktowa\u0107 na wybrany z poni\u017cszych sposob\u00f3w:<\/li>\n<\/ol>\n<ul>\n<li style=\"list-style-type: none;\">\n<ul>\n<li>pisemnie na adres: PWP WILPO Sp. z o.o. , 41-400 Mys\u0142owice,\u00a0 Miko\u0142owska 29<\/li>\n<li>mailowo na adres: <a href=\"mailto:wilpo@wilpo.pl\">wilpo@wilpo.pl<\/a><\/li>\n<\/ul>\n<\/li>\n<\/ul>\n<ol start=\"7\">\n<li>Je\u015bli zdecyduj\u0105 si\u0119 Pa\u0144stwo skorzysta\u0107 z powy\u017cszych praw, udzielimy Pa\u0144stwu odpowiedzi<br \/>co do rozpatrzenia \u017c\u0105dania, bez zb\u0119dnej zw\u0142oki, jednak\u017ce nie p\u00f3\u017aniej ni\u017c w terminie miesi\u0105ca od dnia otrzymania \u017c\u0105dania.<\/li>\n<li><strong>Prawo do wniesienia skargi do organu nadzorczego.<\/strong> Je\u015bli uwa\u017caj\u0105 Pa\u0144stwo, \u017ce przetwarzanie Pa\u0144stwa danych osobowych narusza przepisy prawa, przys\u0142uguje Pa\u0144stwu prawo do wniesienia skargi do organu nadzorczego, kt\u00f3rym jest Prezes Urz\u0119du Ochrony Danych Osobowych.<\/li>\n<\/ol>\n<ul>\n<li style=\"list-style-type: none;\">\n<ul>\n<li>Przewidywanymi odbiorcami Pa\u0144stwa danych osobowych jest PWP WILPO Sp. z o.o.,<\/li>\n<\/ul>\n<\/li>\n<\/ul>\n<p>w zakresie w jakim jest to niezb\u0119dne do realizacji cel\u00f3w przetwarzania Pa\u0144stwa danych osobowych.<\/p>\n<p>W zwi\u0105zku z mo\u017cliwo\u015bci\u0105 przekazania Pa\u0144stwa danych osobowych do pa\u0144stw spoza EOG, przys\u0142uguje Pa\u0144stwu <strong>prawo do uzyskania kopii danych osobowych przekazanych do pa\u0144stwa trzeciego<\/strong>. Aby uzyska\u0107 kopi\u0119 Pa\u0144stwa danych osobowych przekazanych do pa\u0144stwa trzeciego, prosimy o kontakt z Inspektorem Ochrony Danych lub zg\u0142oszenie realizacji tego prawa w spos\u00f3b przewidziany dla realizacji pozosta\u0142ych praw o kt\u00f3rych mowa w niniejszej informacji.<\/p>\n<p>&nbsp;<\/p>\n<p>&nbsp;<\/p>\n<p><strong>\u00a0<\/strong><\/p>\n<p><strong>\u00a0<\/strong><\/p>\n<p><strong>\u00a0<\/strong><\/p>\n<p><strong>\u00a0<\/strong><\/p>\n<p><strong>\u00a0<\/strong><\/p>\n<p>[\/et_pb_text][\/et_pb_column][\/et_pb_row][\/et_pb_section]<\/p>","protected":false},"excerpt":{"rendered":"<p>RODO Klauzula informacyjna&nbsp; Administratorem Pani\/Pana danych osobowych jest Przedsi\u0119biorstwo Wdro\u017ce\u0144 Przemys\u0142owych WILPO Sp\u00f3\u0142ka z o.o. z siedzib\u0105 w Mys\u0142owicach przy ul. Miko\u0142owskiej 29. Powo\u0142ali\u015bmy Inspektora Ochrony Danych, z kt\u00f3rym mog\u0105 si\u0119 Pa\u0144stwo skontaktowa\u0107 pisz\u0105c na: adres email: wilpo@wilpo.pl adres korespondencyjny: PWP WILPO Sp\u00f3\u0142ka z o.o., 41-400 Mys\u0142owice, ul. Miko\u0142owska 29. Pa\u0144stwa dane osobowe b\u0119dziemy przetwarzali [&hellip;]<\/p>","protected":false},"author":1,"featured_media":0,"parent":0,"menu_order":0,"comment_status":"closed","ping_status":"closed","template":"","meta":{"_et_pb_use_builder":"on","_et_pb_old_content":"<p>\u00a0\u00a0\u00a0\u00a0\u00a0\u00a0\u00a0\u00a0\u00a0\u00a0\u00a0\u00a0\u00a0\u00a0\u00a0\u00a0\u00a0\u00a0\u00a0\u00a0\u00a0\u00a0\u00a0\u00a0\u00a0\u00a0\u00a0\u00a0\u00a0\u00a0\u00a0\u00a0\u00a0\u00a0\u00a0\u00a0\u00a0\u00a0\u00a0\u00a0\u00a0\u00a0\u00a0\u00a0\u00a0\u00a0\u00a0\u00a0\u00a0\u00a0\u00a0\u00a0\u00a0\u00a0\u00a0\u00a0\u00a0\u00a0\u00a0\u00a0\u00a0\u00a0\u00a0\u00a0\u00a0\u00a0\u00a0\u00a0\u00a0\u00a0\u00a0\u00a0\u00a0\u00a0\u00a0\u00a0\u00a0\u00a0\u00a0\u00a0\u00a0\u00a0\u00a0\u00a0\u00a0\u00a0\u00a0\u00a0\u00a0\u00a0\u00a0\u00a0\u00a0\u00a0\u00a0\u00a0\u00a0\u00a0\u00a0\u00a0\u00a0\u00a0\u00a0\u00a0\u00a0\u00a0\u00a0\u00a0\u00a0\u00a0\u00a0\u00a0\u00a0\u00a0\u00a0\u00a0\u00a0\u00a0<\/p><p><strong>\u00a0<\/strong><\/p><p><strong>Klauzula informacyjna RODO<\/strong><\/p><p><u>\u00a0<\/u><\/p><ol><li>Administratorem Pani\/Pana danych osobowych jest Przedsi\u0119biorstwo Wdro\u017ce\u0144 Przemys\u0142owych \u201eWILPO\u201d Sp\u00f3\u0142ka z o.o. z siedzib\u0105 w Mys\u0142owicach przy ul. Miko\u0142owskiej 29, <a href=\"https:\/\/www.wilpo.pl\">wilpo.pl<\/a><\/li><\/ol><p>\u00a0<\/p><ol start=\"2\"><li>Powo\u0142ali\u015bmy Inspektora Ochrony Danych, z kt\u00f3rym mog\u0105 si\u0119 Pa\u0144stwo skontaktowa\u0107 pisz\u0105c na:<\/li><li>adres email: wilpo@wilpo.pl<\/li><li>adres korespondencyjny: PWP \u201eWILPO\u201d Sp\u00f3\u0142ka z o.o.,<\/li><\/ol><p>41-400 Mys\u0142owice, ul. Miko\u0142owska 29,<\/p><ol start=\"3\"><li>Pa\u0144stwa dane osobowe b\u0119dziemy przetwarzali w celu:<ol><li>zawarcia i wykonania umowy - przez okres prowadzenia post\u0119powania i obowi\u0105zywania umowy; archiwizacji w zakresie niezb\u0119dnym dla wykonania obowi\u0105zk\u00f3w prawnych, w szczeg\u00f3lno\u015bci przepis\u00f3w podatkowych, przepis\u00f3w o rachunkowo\u015bci - przez okres wynikaj\u0105cy z tych przepis\u00f3w;<\/li><li>ewentualnego ustalenia, dochodzenia roszcze\u0144 lub obrony przed roszczeniami \u2013 przez czas trwania post\u0119powa\u0144 i okres przedawnienia potencjalnych roszcze\u0144;<\/li><li>tworzenia analiz wynik\u00f3w prowadzonej przez nas dzia\u0142alno\u015bci gospodarczej na potrzeby wewn\u0119trzne - przez okres nie d\u0142u\u017cszy ni\u017c wskazany w lit. a.<\/li><\/ol><\/li><\/ol><p>Przetwarzanie danych osobowych na podstawie art. 6 ust. 1 f) Rozporz\u0105dzenia, tj. realizacji uzasadnionego interesu, poprzedzone zosta\u0142o przeprowadzeniem weryfikacji istnienia uzasadnionego interesu prawnego oraz ryzyka naruszenia Pa\u0144stwa praw lub interes\u00f3w w formie testu r\u00f3wnowagi. Przys\u0142uguje Pa\u0144stwu prawo dost\u0119pu do wniosk\u00f3w z tego testu. W celu uzyskania dalszych informacji prosimy o kontakt z Inspektorem Ochrony Danych.<\/p><ol start=\"4\"><li><strong>Prawo do wniesienia sprzeciwu. <\/strong>Maj\u0105 Pa\u0144stwo prawo, w dowolnym momencie, wnie\u015b\u0107 sprzeciw wobec przetwarzania przez nas Pa\u0144stwa danych osobowych. Mog\u0105 Pa\u0144stwo skorzysta\u0107 z tego prawa, je\u015bli podstaw\u0119 przetwarzania stanowi nasz prawnie uzasadniony interes.<\/li><li>W zwi\u0105zku z przetwarzaniem Pa\u0144stwa danych osobowych, przys\u0142uguj\u0105 Pa\u0144stwu tak\u017ce nast\u0119puj\u0105ce prawa:<\/li><li><strong>Prawo dost\u0119pu do danych osobowych. <\/strong>Maj\u0105 Pa\u0144stwo prawo do uzyskania od nas potwierdzenia, \u017ce przetwarzamy Pa\u0144stwa dane osobowe. Maj\u0105 Pa\u0144stwo r\u00f3wnie\u017c prawo do uzyskania dost\u0119pu do tych danych osobowych, kopii danych osobowych, a tak\u017ce informacji o celach przetwarzania Pa\u0144stwa danych osobowych, informacji o kategoriach Pa\u0144stwa danych osobowych przetwarzanych przez Administratora, informacji <br \/>o odbiorcach lub kategoriach odbiorc\u00f3w, kt\u00f3rym Administrator ujawni\u0142 Pani\/Pana dane osobowe lub kt\u00f3rym ma zamiar ujawni\u0107 te dane, o planowanym okresie przechowywania, o Pa\u0144stwa prawach zwi\u0105zanych z przetwarzaniem danych, prawie do wniesienia skargi do organu nadzorczego, \u017ar\u00f3dle danych oraz o zautomatyzowanym podejmowaniu decyzji (je\u015bli wyst\u0119puje).<\/li><li><strong>Prawo do sprostowania danych<\/strong>. Maj\u0105 Pa\u0144stwo prawo za\u017c\u0105da\u0107, aby\u015bmy niezw\u0142ocznie sprostowali Pa\u0144stwa dane osobowe, kt\u00f3re s\u0105 nieprawid\u0142owe. Maj\u0105 r\u00f3wnie\u017c Pa\u0144stwo prawo za\u017c\u0105da\u0107, aby\u015bmy uzupe\u0142nili niekompletne dane osobowe.<\/li><li><strong>Prawo do usuni\u0119cia danych<\/strong> (zwanego r\u00f3wnie\u017c \u201eprawem do bycia zapomnianym\u201d). Maj\u0105 Pa\u0144stwo prawo \u017c\u0105da\u0107, \u017ceby\u015bmy niezw\u0142ocznie usun\u0119li Pa\u0144stwa dane osobowe pod warunkiem spe\u0142niania przynajmniej jednej z przes\u0142anek:<ul><li>Pa\u0144stwa dane osobowe nie s\u0105 ju\u017c niezb\u0119dne do realizacji cel\u00f3w dla kt\u00f3rych zosta\u0142y zebrane lub s\u0105 przetwarzane;<\/li><li>sprzeciwili si\u0119 Pa\u0144stwo przetwarzaniu Pa\u0144stwa danych osobowych, a my nie mamy uzasadnionych prawnie, nadrz\u0119dnych podstaw ich przetwarzania;<\/li><li>przetwarzali\u015bmy Pa\u0144stwa dane osobowe niezgodnie z prawem;<\/li><li>musimy usun\u0105\u0107 Pa\u0144stwa dane osobowe, aby wywi\u0105za\u0107 si\u0119 z prawnie na\u0142o\u017conego na nas obowi\u0105zku.<\/li><\/ul><\/li><\/ol><p>\u00a0<\/p><p>Mo\u017cemy Pa\u0144stwu odm\u00f3wi\u0107 realizacji prawa do bycia zapomnianym, w sytuacji, gdy korzystanie z danych jest niezb\u0119dne:<\/p><ul><li>dla korzystania z prawa do wolno\u015bci wypowiedzi i informacji;<\/li><li>dla wywi\u0105zania si\u0119 z prawnego obowi\u0105zku lub realizacji zadania w interesie publicznym lub w\u0142adzy publicznej;<\/li><li>z uwagi na interes publiczny (w dziedzinie zdrowia publicznego);<\/li><li>dla cel\u00f3w archiwalnych (w interesie publicznym), bada\u0144 naukowych, historycznych, statystycznych;<\/li><li>do ustalenia, obrony lub dochodzenia roszcze\u0144.<\/li><\/ul><p>\u00a0<\/p><ol><li><strong>Prawo do ograniczenia przetwarzania danych osobowych<\/strong>. Maj\u0105 Pa\u0144stwo prawo \u017c\u0105da\u0107, aby\u015bmy ograniczyli przetwarzanie Pa\u0144stwa danych osobowych w nast\u0119puj\u0105cych przypadkach:<ul><li>je\u015bli kwestionuj\u0105 Pa\u0144stwo prawid\u0142owo\u015b\u0107 Pa\u0144stwa danych osobowych, kt\u00f3re przetwarzamy;<\/li><li>je\u015bli przetwarzamy Pa\u0144stwa dane osobowe niezgodnie z prawem, a sprzeciwiaj\u0105 si\u0119 Pa\u0144stwo aby\u015bmy je usun\u0119li, \u017c\u0105daj\u0105c w zamian ograniczenia ich wykorzystania;<\/li><li>je\u015bli nie potrzebujemy ju\u017c Pa\u0144stwa danych osobowych do cel\u00f3w przetwarzania, ale s\u0105 one potrzebne Pa\u0144stwu do ustalenia, dochodzenia lub obrony Pa\u0144stwa roszcze\u0144;<\/li><li>je\u015bli wnie\u015bli Pa\u0144stwo sprzeciw wobec przetwarzania przez nas Pa\u0144stwa danych osobowych.<\/li><\/ul><\/li><\/ol><p>\u00a0<\/p><p>Je\u015bli skorzystaj\u0105 Pa\u0144stwo z prawa do ograniczenia przetwarzania danych osobowych, mo\u017cemy je przetwarza\u0107, za wyj\u0105tkiem przechowywania, tylko w wyj\u0105tkowych sytuacjach, tj.:<\/p><ul><li>za Pa\u0144stwa zgod\u0105;<\/li><li>w celu ustalenia, dochodzenia lub obrony roszcze\u0144;<\/li><li>w celu ochrony praw innej osoby; lub<\/li><li>z uwagi na wa\u017cne wzgl\u0119dy interesu publicznego<\/li><\/ul><p>\u00a0<\/p><ol><li><strong>Prawo do przeniesienia danych. <\/strong>Maj\u0105 Pa\u0144stwo prawo, aby otrzyma\u0107 od nas dane osobowe lub upowa\u017cni\u0107 nas do przes\u0142ania Pa\u0144stwa danych innemu administratorowi <br \/>- w ustrukturyzowanym powszechnie u\u017cywanym formacie, je\u017celi przes\u0142anie jest technicznie mo\u017cliwe. Mog\u0105 to by\u0107 dane osobowe, kt\u00f3re otrzymali\u015bmy bezpo\u015brednio od Pa\u0144stwa, jak i dane osobowe wynikaj\u0105ce z Pa\u0144stwa zachowania np. dane o zu\u017cyciu energii. Przeniesiemy wy\u0142\u0105cznie dane osobowe spe\u0142niaj\u0105ce \u0142\u0105cznie nast\u0119puj\u0105ce warunki:<ul><li>przetwarzanie odbywa si\u0119 w spos\u00f3b zautomatyzowany, tj. nie s\u0105 to dane osobowe w formie papierowej;<\/li><li>dane przetwarzane s\u0105 na podstawie zgody lub w zwi\u0105zku z umow\u0105.<\/li><\/ul><\/li><\/ol><p>\u00a0<\/p><ol start=\"6\"><li>Je\u015bli b\u0119d\u0105 Pa\u0144stwo chcieli skorzysta\u0107 z praw, kt\u00f3re opisali\u015bmy powy\u017cej lub uzyska\u0107 dodatkowe informacje - mog\u0105 si\u0119 Pa\u0144stwo z nami skontaktowa\u0107 na wybrany z poni\u017cszych sposob\u00f3w:<ol><li>pisemnie na adres: PWP \u201eWILPO\u201d Sp. z o.o. , 41-400 Mys\u0142owice,\u00a0 Miko\u0142owska 29<\/li><li>mailowo na adres: <a href=\"mailto:wilpo@wilpo.pl\">wilpo@wilpo.pl<\/a><\/li><\/ol><\/li><li>Je\u015bli zdecyduj\u0105 si\u0119 Pa\u0144stwo skorzysta\u0107 z powy\u017cszych praw, udzielimy Pa\u0144stwu odpowiedzi <br \/>co do rozpatrzenia \u017c\u0105dania, bez zb\u0119dnej zw\u0142oki, jednak\u017ce nie p\u00f3\u017aniej ni\u017c w terminie miesi\u0105ca od dnia otrzymania \u017c\u0105dania.<\/li><\/ol><p>\u00a0<\/p><ol start=\"8\"><li><strong>Prawo do wniesienia skargi do organu nadzorczego.<\/strong> Je\u015bli uwa\u017caj\u0105 Pa\u0144stwo, \u017ce przetwarzanie Pa\u0144stwa danych osobowych narusza przepisy prawa, przys\u0142uguje Pa\u0144stwu prawo do wniesienia skargi do organu nadzorczego, kt\u00f3rym jest Prezes Urz\u0119du Ochrony Danych Osobowych.<ul><li>Przewidywanymi odbiorcami Pa\u0144stwa danych osobowych jest PWP \u201eWILPO\u201d Sp. z o.o.,<\/li><\/ul><\/li><\/ol><p>w zakresie w jakim jest to niezb\u0119dne do realizacji cel\u00f3w przetwarzania Pa\u0144stwa danych osobowych.<\/p><p><em>\u00a0<\/em><\/p><p>W zwi\u0105zku z mo\u017cliwo\u015bci\u0105 przekazania Pa\u0144stwa danych osobowych do pa\u0144stw spoza EOG, przys\u0142uguje Pa\u0144stwu <strong>prawo do uzyskania kopii danych osobowych przekazanych do pa\u0144stwa trzeciego<\/strong>. Aby uzyska\u0107 kopi\u0119 Pa\u0144stwa danych osobowych przekazanych do pa\u0144stwa trzeciego, prosimy o kontakt z Inspektorem Ochrony Danych lub zg\u0142oszenie realizacji tego prawa w spos\u00f3b przewidziany dla realizacji pozosta\u0142ych praw o kt\u00f3rych mowa w niniejszej informacji.<\/p><p>\u00a0<\/p><p>\u00a0<\/p><p>\u00a0<\/p><p><strong>\u00a0<\/strong><\/p><p><strong>\u00a0<\/strong><\/p><p>\u00a0<\/p><p><strong>\u00a0<\/strong><\/p><p><strong>\u00a0<\/strong><\/p><p><strong>\u00a0<\/strong><\/p><p><strong>\u00a0<\/strong><\/p><p><strong>\u00a0<\/strong><\/p><p><strong>\u00a0<\/strong><\/p>","_et_gb_content_width":"","footnotes":""},"_links":{"self":[{"href":"https:\/\/www.wilpo.pl\/en\/wp-json\/wp\/v2\/pages\/434"}],"collection":[{"href":"https:\/\/www.wilpo.pl\/en\/wp-json\/wp\/v2\/pages"}],"about":[{"href":"https:\/\/www.wilpo.pl\/en\/wp-json\/wp\/v2\/types\/page"}],"author":[{"embeddable":true,"href":"https:\/\/www.wilpo.pl\/en\/wp-json\/wp\/v2\/users\/1"}],"replies":[{"embeddable":true,"href":"https:\/\/www.wilpo.pl\/en\/wp-json\/wp\/v2\/comments?post=434"}],"version-history":[{"count":29,"href":"https:\/\/www.wilpo.pl\/en\/wp-json\/wp\/v2\/pages\/434\/revisions"}],"predecessor-version":[{"id":586,"href":"https:\/\/www.wilpo.pl\/en\/wp-json\/wp\/v2\/pages\/434\/revisions\/586"}],"wp:attachment":[{"href":"https:\/\/www.wilpo.pl\/en\/wp-json\/wp\/v2\/media?parent=434"}],"curies":[{"name":"wp","href":"https:\/\/api.w.org\/{rel}","templated":true}]}}